{"id":1037,"date":"2021-09-15T11:06:25","date_gmt":"2021-09-15T16:06:25","guid":{"rendered":"https:\/\/www.movilidadmachala.gob.ec\/web\/?page_id=1037"},"modified":"2022-07-08T08:49:17","modified_gmt":"2022-07-08T13:49:17","slug":"revision-tecnica-vehicular-y-matriculacion","status":"publish","type":"page","link":"https:\/\/www.movilidadmachala.gob.ec\/web\/revision-tecnica-vehicular-y-matriculacion\/","title":{"rendered":"REVISI\u00d3N T\u00c9CNICA VEH\u00cdCULAR Y MATRICULACI\u00d3N"},"content":{"rendered":"<p>[vc_row][vc_column][vc_empty_space height=\u00bb30px\u00bb hide_on_mobile=\u00bb\u00bb][\/vc_column][\/vc_row][vc_row][vc_column width=\u00bb1\/5&#8243;][\/vc_column][vc_column width=\u00bb1\/5&#8243;][\/vc_column][vc_column width=\u00bb1\/5&#8243;][\/vc_column][vc_column width=\u00bb1\/5&#8243;][\/vc_column][vc_column width=\u00bb1\/5&#8243;][\/vc_column][vc_column][vc_empty_space height=\u00bb52px\u00bb hide_on_mobile=\u00bb\u00bb][\/vc_column][\/vc_row][vc_row][vc_column][vc_column_text]<\/p>\n<p>[\/vc_column_text][\/vc_column][\/vc_row][vc_row][vc_column][vc_wp_text]<\/p>\n<div id=\"panel-1283-0-0-0\" class=\"so-panel widget widget_text panel-first-child\" data-index=\"0\">\n<div id=\"panel-1283-0-0-4\" class=\"so-panel widget widget_text\" data-index=\"4\">\n<h2>REVISI\u00d3N T\u00c9CNICA VEHICULAR Y MATRICULACI\u00d3N<\/h2>\n<p style=\"text-align: justify;\">Se encuentran sujetos a la revisi\u00f3n t\u00e9cnica vehicular todos los veh\u00edculos a motor que circulen por v\u00eda terrestre en el territorio del cant\u00f3n Machala.<\/p>\n<p style=\"text-align: justify;\">La EPMMM continuar\u00e1 prestando los servicios de revisi\u00f3n y matriculaci\u00f3n en las mismas condiciones que lo ha venido prestando, hasta que implemente los servicios de Revisi\u00f3n T\u00e9cnica Vehicular. Hasta tanto la revisi\u00f3n vehicular visual tendr\u00e1 la misma validez y la tasa que se aplicar\u00e1 ser\u00e1 la misma que la de veh\u00edculos exentos.<\/p>\n<p style=\"text-align: justify;\">La RTV en los Centros de Revisi\u00f3n T\u00e9cnica Vehicular de la ciudad de Machala, ser\u00e1 de cumplimiento obligatorio para todas las personas naturales o jur\u00eddicas que sean propietarias o tenedoras de unidades de transporte, p\u00fablicas o privadas, matriculadas en la ciudad de Machala.<\/p>\n<p style=\"text-align: justify;\">No podr\u00e1n circular dentro del cant\u00f3n Machala, los veh\u00edculos motorizados terrestres que no hayan sido sometidos a la revisi\u00f3n t\u00e9cnica vehicular dentro de los per\u00edodos y bajo las condiciones establecidas en la presente Ordenanza o en las normas que se emitan para el efecto, y que no cuenten con los certificados de RTV y adhesivos que den constancia de su cumplimiento, emitidos por la EPMMM u otro organismo legalmente autorizado para llevar adelante la revisi\u00f3n t\u00e9cnica vehicular fuera del cant\u00f3n Machala.<\/p>\n<p style=\"text-align: justify;\">Los veh\u00edculos matriculados en otras ciudades que circulen con frecuencia dentro de la ciudad de Machala ser\u00e1n obligados a someterse a una revisi\u00f3n t\u00e9cnica vehicular si incumpliere en al menos dos ocasiones dentro de un mismo a\u00f1o la normativa local o las leyes de tr\u00e1nsito relacionadas con la seguridad, emisi\u00f3n de gases, ruidos o dem\u00e1s aspectos que se definan en los Instructivos de la EPMMM.<\/p>\n<p style=\"text-align: justify;\">De ser comprobada la infracci\u00f3n a las normas antes citadas en un operativo en v\u00eda p\u00fablica, al veh\u00edculo infractor se le entregar\u00e1 una notificaci\u00f3n para que se someta al proceso de revisi\u00f3n t\u00e9cnica vehicular dentro del t\u00e9rmino de diez (10) d\u00edas, sin perjuicio de las sanciones que correspondieren de conformidad con la ley Org\u00e1nica de Transporte Terrestre Transito y Seguridad Vial.<\/p>\n<p style=\"text-align: justify;\">Si el veh\u00edculo infractor tuviere vigente el Adhesivo de Revisi\u00f3n T\u00e9cnica Vehicular, la revisi\u00f3n\u00a0 t\u00e9cnica se practicar\u00e1 \u00fanicamente sobre aquellos aspectos materia de la infracci\u00f3n y tendr\u00e1 un valor equivalente al cincuenta por ciento (50%) de la tarifa establecida para primera revisi\u00f3n.<\/p>\n<p style=\"text-align: justify;\">Si el veh\u00edculo infractor no tuviere vigente el Adhesivo de Revisi\u00f3n T\u00e9cnica Vehicular, la revisi\u00f3n t\u00e9cnica vehicular ser\u00e1 total y el usuario pagar\u00e1 la tarifa establecida para primera revisi\u00f3n. En el caso previsto en este inciso, la revisi\u00f3n t\u00e9cnica vehicular tendr\u00e1 validez para el proceso de revisi\u00f3n t\u00e9cnica vehicular sujeto al calendario aprobado por la Agencia Nacional de Control y Regulaci\u00f3n de Transporte terrestre, Transito y Seguridad Vial.<\/p>\n<p style=\"text-align: justify;\">El incumplimiento de la notificaci\u00f3n prevista en este art\u00edculo ser\u00e1 sancionado con una multa del\u00a0 10% del Salario B\u00e1sico Unificado del trabajador general (SBU), para los veh\u00edculos particulares livianos y motocicletas. En caso de veh\u00edculos de transportaci\u00f3n p\u00fablica y veh\u00edculos pesados, la multa por incumplimiento de la sanci\u00f3n ser\u00e1 del 20% del Salario B\u00e1sico Unificado del trabajador general (SBU). Estas multas tambi\u00e9n ser\u00e1n aplicables en caso de que un veh\u00edculo no se presentare dentro del plazo previsto en la presente Ordenanza, para segunda, tercera o cuarta revisi\u00f3n t\u00e9cnica vehicular.<\/p>\n<p style=\"text-align: justify;\"><strong>Periodicidad.-<\/strong> Los veh\u00edculos de servicio particular, p\u00fablico y comercial ser\u00e1n revisados una vez por a\u00f1o. Los veh\u00edculos nuevos, es decir aquellos cuyo recorrido es menor a mil kil\u00f3metros (1000 km) y sus a\u00f1o de fabricaci\u00f3n consta igual o uno mayor o menor al a\u00f1o en curso, y que cumplan las disposiciones de seguridad automotriz vigentes para su comercializaci\u00f3n est\u00e1n exentos de la Revisi\u00f3n T\u00e9cnica Vehicular durante tres periodos contados a partir de la fecha de su adquisici\u00f3n.<\/p>\n<p style=\"text-align: justify;\"><strong>Calendario de revisi\u00f3n.-<\/strong>\u00a0La RTV se realizar\u00e1 de conformidad con el siguiente calendario de revisi\u00f3n:<\/p>\n<p style=\"text-align: justify;\">Para veh\u00edculos que deben revisarse una vez al a\u00f1o:<\/p>\n<p>&nbsp;<\/p>\n<table width=\"332\">\n<thead>\n<tr>\n<td width=\"132\"><strong>MES<\/strong><\/td>\n<td width=\"180\"><strong>\u00daLTIMO D\u00cdGITO<\/strong><\/td>\n<\/tr>\n<\/thead>\n<tbody>\n<tr>\n<td width=\"132\">Enero<\/td>\n<td width=\"180\">Todos<\/td>\n<\/tr>\n<tr>\n<td width=\"132\">Febrero<\/td>\n<td width=\"180\">1<\/td>\n<\/tr>\n<tr>\n<td width=\"132\">Marzo<\/td>\n<td width=\"180\">2<\/td>\n<\/tr>\n<tr>\n<td width=\"132\">Abril<\/td>\n<td width=\"180\">3<\/td>\n<\/tr>\n<tr>\n<td width=\"132\">Mayo<\/td>\n<td width=\"180\">4<\/td>\n<\/tr>\n<tr>\n<td width=\"132\">Junio<\/td>\n<td width=\"180\">5<\/td>\n<\/tr>\n<tr>\n<td width=\"132\">Julio<\/td>\n<td width=\"180\">6<\/td>\n<\/tr>\n<tr>\n<td width=\"132\">Agosto<\/td>\n<td width=\"180\">7<\/td>\n<\/tr>\n<tr>\n<td width=\"132\">Septiembre<\/td>\n<td width=\"180\">8<\/td>\n<\/tr>\n<tr>\n<td width=\"132\">Octubre<\/td>\n<td width=\"180\">9<\/td>\n<\/tr>\n<tr>\n<td width=\"132\">Noviembre<\/td>\n<td width=\"180\">0<\/td>\n<\/tr>\n<tr>\n<td width=\"132\">Diciembre<\/td>\n<td width=\"180\">Atrasados<\/td>\n<\/tr>\n<\/tbody>\n<\/table>\n<p>&nbsp;<\/p>\n<p style=\"text-align: justify;\">En caso de no cumplirse con el calendario, se cobrar\u00e1n al usuario un recargo por retraso a la revisi\u00f3n t\u00e9cnica vehicular dentro de la calendarizaci\u00f3n: El recargo por retraso a la revisi\u00f3n t\u00e9cnico vehicular dentro de la calendarizaci\u00f3n para la categor\u00eda de veh\u00edculos livianos se aplicar\u00e1 una multa equivalente al 10% del Salario B\u00e1sico Unificado del trabajador general (SBU), para los veh\u00edculos particulares livianos y motocicletas. En caso de veh\u00edculos de transportaci\u00f3n p\u00fablica y veh\u00edculos pesados, la multa ser\u00e1 del 20% del Salario B\u00e1sico Unificado del trabajador general (SBU). Estas multas ser\u00e1n tambi\u00e9n aplicables en caso de qu\u00e9 un veh\u00edculo no se presentare dentro del plazo previsto en la presente ordenanza, para la segunda, tercera o cuarta revisi\u00f3n t\u00e9cnica.<\/p>\n<p>&nbsp;<\/p>\n<\/div>\n<\/div>\n<p>[\/vc_wp_text][\/vc_column][\/vc_row][vc_row][vc_column][vc_empty_space height=\u00bb100px\u00bb hide_on_mobile=\u00bb\u00bb][\/vc_column][\/vc_row]<\/p>\n","protected":false},"excerpt":{"rendered":"<p>[vc_row][vc_column][vc_empty_space height=\u00bb30px\u00bb hide_on_mobile=\u00bb\u00bb][\/vc_column][\/vc_row][vc_row][vc_column width=\u00bb1\/5&#8243;][\/vc_column][vc_column width=\u00bb1\/5&#8243;][\/vc_column][vc_column width=\u00bb1\/5&#8243;][\/vc_column][vc_column width=\u00bb1\/5&#8243;][\/vc_column][vc_column width=\u00bb1\/5&#8243;][\/vc_column][vc_column][vc_empty_space height=\u00bb52px\u00bb hide_on_mobile=\u00bb\u00bb][\/vc_column][\/vc_row][vc_row][vc_column][vc_column_text] [\/vc_column_text][\/vc_column][\/vc_row][vc_row][vc_column][vc_wp_text] REVISI\u00d3N T\u00c9CNICA VEHICULAR Y MATRICULACI\u00d3N Se encuentran sujetos a la revisi\u00f3n t\u00e9cnica vehicular todos los veh\u00edculos a motor que circulen por v\u00eda terrestre en el territorio del cant\u00f3n Machala.&hellip;<\/p>\n","protected":false},"author":1,"featured_media":0,"parent":0,"menu_order":0,"comment_status":"closed","ping_status":"closed","template":"","meta":{"footnotes":""},"class_list":["post-1037","page","type-page","status-publish","hentry"],"_links":{"self":[{"href":"https:\/\/www.movilidadmachala.gob.ec\/web\/wp-json\/wp\/v2\/pages\/1037","targetHints":{"allow":["GET"]}}],"collection":[{"href":"https:\/\/www.movilidadmachala.gob.ec\/web\/wp-json\/wp\/v2\/pages"}],"about":[{"href":"https:\/\/www.movilidadmachala.gob.ec\/web\/wp-json\/wp\/v2\/types\/page"}],"author":[{"embeddable":true,"href":"https:\/\/www.movilidadmachala.gob.ec\/web\/wp-json\/wp\/v2\/users\/1"}],"replies":[{"embeddable":true,"href":"https:\/\/www.movilidadmachala.gob.ec\/web\/wp-json\/wp\/v2\/comments?post=1037"}],"version-history":[{"count":9,"href":"https:\/\/www.movilidadmachala.gob.ec\/web\/wp-json\/wp\/v2\/pages\/1037\/revisions"}],"predecessor-version":[{"id":3278,"href":"https:\/\/www.movilidadmachala.gob.ec\/web\/wp-json\/wp\/v2\/pages\/1037\/revisions\/3278"}],"wp:attachment":[{"href":"https:\/\/www.movilidadmachala.gob.ec\/web\/wp-json\/wp\/v2\/media?parent=1037"}],"curies":[{"name":"wp","href":"https:\/\/api.w.org\/{rel}","templated":true}]}}