{"id":917,"date":"2021-09-13T17:40:44","date_gmt":"2021-09-13T22:40:44","guid":{"rendered":"https:\/\/www.movilidadmachala.gob.ec\/web\/?page_id=917"},"modified":"2026-04-13T09:07:41","modified_gmt":"2026-04-13T14:07:41","slug":"inicio-web","status":"publish","type":"page","link":"https:\/\/www.movilidadmachala.gob.ec\/web\/","title":{"rendered":"Inicio Web"},"content":{"rendered":"<p>[vc_row][vc_column][vc_empty_space height=\u00bb30px\u00bb hide_on_mobile=\u00bb\u00bb][\/vc_column][\/vc_row][vc_row][vc_column width=\u00bb1\/5&#8243;][vc_single_image image=\u00bb5577&#8243; img_size=\u00bbfull\u00bb alignment=\u00bbcenter\u00bb onclick=\u00bbcustom_link\u00bb css_animation=\u00bbnone\u00bb link=\u00bbhttps:\/\/servicios.axiscloud.ec\/SVT\/paginas\/portal\/svf_solicitar_servicio.jsp?ps_param_tip_serv=MAT&amp;ps_id_empresa=17&#8243;][\/vc_column][vc_column width=\u00bb1\/5&#8243;][vc_single_image image=\u00bb5589&#8243; img_size=\u00bblarge\u00bb alignment=\u00bbcenter\u00bb onclick=\u00bbcustom_link\u00bb link=\u00bbhttps:\/\/servicios.axiscloud.ec\/AutoServicio\/inicio.jsp?ps_empresa=17&amp;ps_accion=P51&#8243;][\/vc_column][vc_column width=\u00bb1\/5&#8243;][vc_single_image image=\u00bb5588&#8243; img_size=\u00bblarge\u00bb alignment=\u00bbcenter\u00bb onclick=\u00bbcustom_link\u00bb img_link_target=\u00bb_blank\u00bb link=\u00bbhttps:\/\/servicios.axiscloud.ec\/AutoServicio\/inicio.jsp?ps_empresa=17&amp;ps_accion=P55&#8243;][\/vc_column][vc_column width=\u00bb1\/5&#8243;][vc_single_image image=\u00bb5587&#8243; img_size=\u00bblarge\u00bb alignment=\u00bbcenter\u00bb onclick=\u00bbcustom_link\u00bb link=\u00bbhttps:\/\/servicios.axiscloud.ec\/CRV\/?ps_empresa=17&#8243;][\/vc_column][vc_column width=\u00bb1\/5&#8243;][vc_single_image image=\u00bb5586&#8243; img_size=\u00bbmedium\u00bb alignment=\u00bbcenter\u00bb onclick=\u00bbcustom_link\u00bb img_link_target=\u00bb_blank\u00bb link=\u00bbhttps:\/\/servicios.axiscloud.ec\/AutoServicio\/inicio.jsp?ps_empresa=17&amp;ps_accion=P57&#8243;][\/vc_column][vc_column]<div class=\"sc_blogger sc_blogger_classic\" data-slides-per-view=\"3\" data-slides-min-width=\"150\"\t\t>\n\t\t<div class=\"sc_blogger_columns sc_item_columns trx_addons_columns_wrap columns_padding_bottom\"><div class=\"trx_addons_column-1_3\"><div id=\"post-6691\"\tclass=\"sc_blogger_item post_format_standard post-6691 post type-post status-publish format-standard has-post-thumbnail hentry category-noticias\"><div class=\"post_featured with_thumb hover_icon sc_blogger_item_featured\"><img loading=\"lazy\" decoding=\"async\" width=\"370\" height=\"370\" src=\"https:\/\/www.movilidadmachala.gob.ec\/web\/wp-content\/uploads\/2026\/09\/PORTADAS-REDES-SOCIALES-septiembre-06-370x370.jpg\" class=\"attachment-trx_addons-thumb-avatar size-trx_addons-thumb-avatar wp-post-image\" alt=\"\" srcset=\"https:\/\/www.movilidadmachala.gob.ec\/web\/wp-content\/uploads\/2026\/09\/PORTADAS-REDES-SOCIALES-septiembre-06-370x370.jpg 370w, https:\/\/www.movilidadmachala.gob.ec\/web\/wp-content\/uploads\/2026\/09\/PORTADAS-REDES-SOCIALES-septiembre-06-150x150.jpg 150w, https:\/\/www.movilidadmachala.gob.ec\/web\/wp-content\/uploads\/2026\/09\/PORTADAS-REDES-SOCIALES-septiembre-06-90x90.jpg 90w, https:\/\/www.movilidadmachala.gob.ec\/web\/wp-content\/uploads\/2026\/09\/PORTADAS-REDES-SOCIALES-septiembre-06-1170x1170.jpg 1170w\" sizes=\"auto, (max-width: 370px) 100vw, 370px\" \/><div class=\"mask\"><\/div><div class=\"icons\"><a href=\"https:\/\/www.movilidadmachala.gob.ec\/web\/septiembre\/\" aria-hidden=\"true\" class=\"icon-plus\"><\/a><\/div><\/div><div class=\"sc_blogger_item_content entry-content\"><div class=\"sc_blogger_item_header entry-header\"><h5 class=\"sc_blogger_item_title entry-title\"><a href=\"https:\/\/www.movilidadmachala.gob.ec\/web\/septiembre\/\" rel=\"bookmark\">SEPTIEMBRE<\/a><\/h5><div class=\"post_meta\">\t\t\t\t\t<span class=\"post_meta_item post_date\"><a href=\"https:\/\/www.movilidadmachala.gob.ec\/web\/septiembre\/\">3 d\u00edas atr\u00e1s<\/a><\/span>\n\t\t\t\t\t<\/div><!-- .post_meta --><\/div><!-- .entry-header --><div class=\"sc_blogger_item_excerpt\">\n\t\t\t\t<div class=\"sc_blogger_item_excerpt_text\">\n\t\t\t\t\t<p>Septiembre lleg\u00f3 y es el turno del d\u00edgito 8. Si la placa de tu veh\u00edculo termina en 8, ya puedes realizar la Revisi\u00f3n T\u00e9cnica Vehicular y Matriculaci\u00f3n en Machala, el mejor Centro de Revisi\u00f3n T\u00e9cnica de la provincia de El&hellip;<\/p>\n\t\t\t\t<\/div>\n\t\t\t\t<div class=\"sc_blogger_item_button sc_item_button\"><a href=\"https:\/\/www.movilidadmachala.gob.ec\/web\/septiembre\/\" class=\"sc_button sc_button_simple\">Leer m\u00e1s<\/a><\/div><\/div><!-- .sc_blogger_item_excerpt --><\/div><!-- .entry-content --><\/div><!-- .sc_blogger_item --><\/div><div class=\"trx_addons_column-1_3\"><div id=\"post-6693\"\tclass=\"sc_blogger_item post_format_standard post-6693 post type-post status-publish format-standard has-post-thumbnail hentry category-noticias\"><div class=\"post_featured with_thumb hover_icon sc_blogger_item_featured\"><img loading=\"lazy\" decoding=\"async\" width=\"370\" height=\"209\" src=\"https:\/\/www.movilidadmachala.gob.ec\/web\/wp-content\/uploads\/2026\/06\/Calendario-de-matriculacion-2026-03-scaled.jpg\" class=\"attachment-trx_addons-thumb-avatar size-trx_addons-thumb-avatar wp-post-image\" alt=\"\" srcset=\"https:\/\/www.movilidadmachala.gob.ec\/web\/wp-content\/uploads\/2026\/06\/Calendario-de-matriculacion-2026-03-scaled.jpg 2560w, https:\/\/www.movilidadmachala.gob.ec\/web\/wp-content\/uploads\/2026\/06\/Calendario-de-matriculacion-2026-03-300x170.jpg 300w, https:\/\/www.movilidadmachala.gob.ec\/web\/wp-content\/uploads\/2026\/06\/Calendario-de-matriculacion-2026-03-1024x579.jpg 1024w, https:\/\/www.movilidadmachala.gob.ec\/web\/wp-content\/uploads\/2026\/06\/Calendario-de-matriculacion-2026-03-768x434.jpg 768w, https:\/\/www.movilidadmachala.gob.ec\/web\/wp-content\/uploads\/2026\/06\/Calendario-de-matriculacion-2026-03-1536x868.jpg 1536w, https:\/\/www.movilidadmachala.gob.ec\/web\/wp-content\/uploads\/2026\/06\/Calendario-de-matriculacion-2026-03-2048x1158.jpg 2048w, https:\/\/www.movilidadmachala.gob.ec\/web\/wp-content\/uploads\/2026\/06\/Calendario-de-matriculacion-2026-03-370x209.jpg 370w\" sizes=\"auto, (max-width: 370px) 100vw, 370px\" \/><div class=\"mask\"><\/div><div class=\"icons\"><a href=\"https:\/\/www.movilidadmachala.gob.ec\/web\/calendario-2026-3\/\" aria-hidden=\"true\" class=\"icon-plus\"><\/a><\/div><\/div><div class=\"sc_blogger_item_content entry-content\"><div class=\"sc_blogger_item_header entry-header\"><h5 class=\"sc_blogger_item_title entry-title\"><a href=\"https:\/\/www.movilidadmachala.gob.ec\/web\/calendario-2026-3\/\" rel=\"bookmark\">Calendario 2026<\/a><\/h5><div class=\"post_meta\">\t\t\t\t\t<span class=\"post_meta_item post_date\"><a href=\"https:\/\/www.movilidadmachala.gob.ec\/web\/calendario-2026-3\/\">3 de agosto de 2026<\/a><\/span>\n\t\t\t\t\t<\/div><!-- .post_meta --><\/div><!-- .entry-header --><div class=\"sc_blogger_item_excerpt\">\n\t\t\t\t<div class=\"sc_blogger_item_excerpt_text\">\n\t\t\t\t\t<p>#AGOSTOSeguimos con el calendario de matriculaci\u00f3n vigente, correspondiente al d\u00edgito #7.Evita inconvenientes, cumple a tiempo y circula con tranquilidad.\u00a1Te esperamos! \u2014\u00a0en\u00a0Machala El Oro Ecuador.<\/p>\n\t\t\t\t<\/div>\n\t\t\t\t<div class=\"sc_blogger_item_button sc_item_button\"><a href=\"https:\/\/www.movilidadmachala.gob.ec\/web\/calendario-2026-3\/\" class=\"sc_button sc_button_simple\">Leer m\u00e1s<\/a><\/div><\/div><!-- .sc_blogger_item_excerpt --><\/div><!-- .entry-content --><\/div><!-- .sc_blogger_item --><\/div><div class=\"trx_addons_column-1_3\"><div id=\"post-6685\"\tclass=\"sc_blogger_item post_format_standard post-6685 post type-post status-publish format-standard has-post-thumbnail hentry category-noticias\"><div class=\"post_featured with_thumb hover_icon sc_blogger_item_featured\"><img loading=\"lazy\" decoding=\"async\" width=\"370\" height=\"370\" src=\"https:\/\/www.movilidadmachala.gob.ec\/web\/wp-content\/uploads\/2026\/09\/PORTADAS-REDES-SOCIALES-agosto-06-370x370.jpg\" class=\"attachment-trx_addons-thumb-avatar size-trx_addons-thumb-avatar wp-post-image\" alt=\"\" srcset=\"https:\/\/www.movilidadmachala.gob.ec\/web\/wp-content\/uploads\/2026\/09\/PORTADAS-REDES-SOCIALES-agosto-06-370x370.jpg 370w, https:\/\/www.movilidadmachala.gob.ec\/web\/wp-content\/uploads\/2026\/09\/PORTADAS-REDES-SOCIALES-agosto-06-150x150.jpg 150w, https:\/\/www.movilidadmachala.gob.ec\/web\/wp-content\/uploads\/2026\/09\/PORTADAS-REDES-SOCIALES-agosto-06-90x90.jpg 90w, https:\/\/www.movilidadmachala.gob.ec\/web\/wp-content\/uploads\/2026\/09\/PORTADAS-REDES-SOCIALES-agosto-06-1170x1170.jpg 1170w\" sizes=\"auto, (max-width: 370px) 100vw, 370px\" \/><div class=\"mask\"><\/div><div class=\"icons\"><a href=\"https:\/\/www.movilidadmachala.gob.ec\/web\/agosto\/\" aria-hidden=\"true\" class=\"icon-plus\"><\/a><\/div><\/div><div class=\"sc_blogger_item_content entry-content\"><div class=\"sc_blogger_item_header entry-header\"><h5 class=\"sc_blogger_item_title entry-title\"><a href=\"https:\/\/www.movilidadmachala.gob.ec\/web\/agosto\/\" rel=\"bookmark\">AGOSTO<\/a><\/h5><div class=\"post_meta\">\t\t\t\t\t<span class=\"post_meta_item post_date\"><a href=\"https:\/\/www.movilidadmachala.gob.ec\/web\/agosto\/\">1 de agosto de 2026<\/a><\/span>\n\t\t\t\t\t<\/div><!-- .post_meta --><\/div><!-- .entry-header --><div class=\"sc_blogger_item_excerpt\">\n\t\t\t\t<div class=\"sc_blogger_item_excerpt_text\">\n\t\t\t\t\t<p>Agosto lleg\u00f3 y es el turno del d\u00edgito 7.\u00a0Si la placa de tu veh\u00edculo termina en 7, ya puedes realizar la Revisi\u00f3n T\u00e9cnica Vehicular y Matriculaci\u00f3n en Machala, el mejor Centro de Revisi\u00f3n T\u00e9cnica de la provincia de El Oro.\u00a0Agenda&hellip;<\/p>\n\t\t\t\t<\/div>\n\t\t\t\t<div class=\"sc_blogger_item_button sc_item_button\"><a href=\"https:\/\/www.movilidadmachala.gob.ec\/web\/agosto\/\" class=\"sc_button sc_button_simple\">Leer m\u00e1s<\/a><\/div><\/div><!-- .sc_blogger_item_excerpt --><\/div><!-- .entry-content --><\/div><!-- .sc_blogger_item --><\/div><div class=\"trx_addons_column-1_3\"><div id=\"post-6536\"\tclass=\"sc_blogger_item post_format_standard post-6536 post type-post status-publish format-standard has-post-thumbnail hentry category-noticias\"><div class=\"post_featured with_thumb hover_icon sc_blogger_item_featured\"><img loading=\"lazy\" decoding=\"async\" width=\"370\" height=\"207\" src=\"https:\/\/www.movilidadmachala.gob.ec\/web\/wp-content\/uploads\/2026\/01\/Comunicado-notificacion-02-scaled.jpg\" class=\"attachment-trx_addons-thumb-avatar size-trx_addons-thumb-avatar wp-post-image\" alt=\"\" srcset=\"https:\/\/www.movilidadmachala.gob.ec\/web\/wp-content\/uploads\/2026\/01\/Comunicado-notificacion-02-scaled.jpg 2560w, https:\/\/www.movilidadmachala.gob.ec\/web\/wp-content\/uploads\/2026\/01\/Comunicado-notificacion-02-300x168.jpg 300w, https:\/\/www.movilidadmachala.gob.ec\/web\/wp-content\/uploads\/2026\/01\/Comunicado-notificacion-02-1024x574.jpg 1024w, https:\/\/www.movilidadmachala.gob.ec\/web\/wp-content\/uploads\/2026\/01\/Comunicado-notificacion-02-768x431.jpg 768w, https:\/\/www.movilidadmachala.gob.ec\/web\/wp-content\/uploads\/2026\/01\/Comunicado-notificacion-02-1536x861.jpg 1536w, https:\/\/www.movilidadmachala.gob.ec\/web\/wp-content\/uploads\/2026\/01\/Comunicado-notificacion-02-2048x1148.jpg 2048w, https:\/\/www.movilidadmachala.gob.ec\/web\/wp-content\/uploads\/2026\/01\/Comunicado-notificacion-02-370x207.jpg 370w\" sizes=\"auto, (max-width: 370px) 100vw, 370px\" \/><div class=\"mask\"><\/div><div class=\"icons\"><a href=\"https:\/\/www.movilidadmachala.gob.ec\/web\/comunicado-15\/\" aria-hidden=\"true\" class=\"icon-plus\"><\/a><\/div><\/div><div class=\"sc_blogger_item_content entry-content\"><div class=\"sc_blogger_item_header entry-header\"><h5 class=\"sc_blogger_item_title entry-title\"><a href=\"https:\/\/www.movilidadmachala.gob.ec\/web\/comunicado-15\/\" rel=\"bookmark\">Comunicado<\/a><\/h5><div class=\"post_meta\">\t\t\t\t\t<span class=\"post_meta_item post_date\"><a href=\"https:\/\/www.movilidadmachala.gob.ec\/web\/comunicado-15\/\">22 de julio de 2026<\/a><\/span>\n\t\t\t\t\t<\/div><!-- .post_meta --><\/div><!-- .entry-header --><div class=\"sc_blogger_item_excerpt\">\n\t\t\t\t<div class=\"sc_blogger_item_excerpt_text\">\n\t\t\t\t\t\t\t\t\t<\/div>\n\t\t\t\t<div class=\"sc_blogger_item_button sc_item_button\"><a href=\"https:\/\/www.movilidadmachala.gob.ec\/web\/comunicado-15\/\" class=\"sc_button sc_button_simple\">Leer m\u00e1s<\/a><\/div><\/div><!-- .sc_blogger_item_excerpt --><\/div><!-- .entry-content --><\/div><!-- .sc_blogger_item --><\/div><div class=\"trx_addons_column-1_3\"><div id=\"post-6526\"\tclass=\"sc_blogger_item post_format_standard post-6526 post type-post status-publish format-standard has-post-thumbnail hentry category-noticias\"><div class=\"post_featured with_thumb hover_icon sc_blogger_item_featured\"><img loading=\"lazy\" decoding=\"async\" width=\"370\" height=\"207\" src=\"https:\/\/www.movilidadmachala.gob.ec\/web\/wp-content\/uploads\/2026\/07\/PORTADAS-REDES-SOCIALES-julio-06.jpg\" class=\"attachment-trx_addons-thumb-avatar size-trx_addons-thumb-avatar wp-post-image\" alt=\"\" \/><div class=\"mask\"><\/div><div class=\"icons\"><a href=\"https:\/\/www.movilidadmachala.gob.ec\/web\/julio\/\" aria-hidden=\"true\" class=\"icon-plus\"><\/a><\/div><\/div><div class=\"sc_blogger_item_content entry-content\"><div class=\"sc_blogger_item_header entry-header\"><h5 class=\"sc_blogger_item_title entry-title\"><a href=\"https:\/\/www.movilidadmachala.gob.ec\/web\/julio\/\" rel=\"bookmark\">JULIO<\/a><\/h5><div class=\"post_meta\">\t\t\t\t\t<span class=\"post_meta_item post_date\"><a href=\"https:\/\/www.movilidadmachala.gob.ec\/web\/julio\/\">1 de julio de 2026<\/a><\/span>\n\t\t\t\t\t<\/div><!-- .post_meta --><\/div><!-- .entry-header --><div class=\"sc_blogger_item_excerpt\">\n\t\t\t\t<div class=\"sc_blogger_item_excerpt_text\">\n\t\t\t\t\t<p>\u00a1Lleg\u00f3 el mes de julio! Si la placa de tu veh\u00edculo termina en el d\u00edgito 6, es momento de realizar la Revisi\u00f3n T\u00e9cnica. No lo dejes para el \u00faltimo momento. Aseg\u00farate de que tu carro est\u00e9 en \u00f3ptimas condiciones para&hellip;<\/p>\n\t\t\t\t<\/div>\n\t\t\t\t<div class=\"sc_blogger_item_button sc_item_button\"><a href=\"https:\/\/www.movilidadmachala.gob.ec\/web\/julio\/\" class=\"sc_button sc_button_simple\">Leer m\u00e1s<\/a><\/div><\/div><!-- .sc_blogger_item_excerpt --><\/div><!-- .entry-content --><\/div><!-- .sc_blogger_item --><\/div><div class=\"trx_addons_column-1_3\"><div id=\"post-6528\"\tclass=\"sc_blogger_item post_format_standard post-6528 post type-post status-publish format-standard has-post-thumbnail hentry category-noticias\"><div class=\"post_featured with_thumb hover_icon sc_blogger_item_featured\"><img loading=\"lazy\" decoding=\"async\" width=\"370\" height=\"207\" src=\"https:\/\/www.movilidadmachala.gob.ec\/web\/wp-content\/uploads\/2026\/01\/Comunicado-notificacion-02-scaled.jpg\" class=\"attachment-trx_addons-thumb-avatar size-trx_addons-thumb-avatar wp-post-image\" alt=\"\" srcset=\"https:\/\/www.movilidadmachala.gob.ec\/web\/wp-content\/uploads\/2026\/01\/Comunicado-notificacion-02-scaled.jpg 2560w, https:\/\/www.movilidadmachala.gob.ec\/web\/wp-content\/uploads\/2026\/01\/Comunicado-notificacion-02-300x168.jpg 300w, https:\/\/www.movilidadmachala.gob.ec\/web\/wp-content\/uploads\/2026\/01\/Comunicado-notificacion-02-1024x574.jpg 1024w, https:\/\/www.movilidadmachala.gob.ec\/web\/wp-content\/uploads\/2026\/01\/Comunicado-notificacion-02-768x431.jpg 768w, https:\/\/www.movilidadmachala.gob.ec\/web\/wp-content\/uploads\/2026\/01\/Comunicado-notificacion-02-1536x861.jpg 1536w, https:\/\/www.movilidadmachala.gob.ec\/web\/wp-content\/uploads\/2026\/01\/Comunicado-notificacion-02-2048x1148.jpg 2048w, https:\/\/www.movilidadmachala.gob.ec\/web\/wp-content\/uploads\/2026\/01\/Comunicado-notificacion-02-370x207.jpg 370w\" sizes=\"auto, (max-width: 370px) 100vw, 370px\" \/><div class=\"mask\"><\/div><div class=\"icons\"><a href=\"https:\/\/www.movilidadmachala.gob.ec\/web\/comunicado-14\/\" aria-hidden=\"true\" class=\"icon-plus\"><\/a><\/div><\/div><div class=\"sc_blogger_item_content entry-content\"><div class=\"sc_blogger_item_header entry-header\"><h5 class=\"sc_blogger_item_title entry-title\"><a href=\"https:\/\/www.movilidadmachala.gob.ec\/web\/comunicado-14\/\" rel=\"bookmark\">Comunicado<\/a><\/h5><div class=\"post_meta\">\t\t\t\t\t<span class=\"post_meta_item post_date\"><a href=\"https:\/\/www.movilidadmachala.gob.ec\/web\/comunicado-14\/\">30 de junio de 2026<\/a><\/span>\n\t\t\t\t\t<\/div><!-- .post_meta --><\/div><!-- .entry-header --><div class=\"sc_blogger_item_excerpt\">\n\t\t\t\t<div class=\"sc_blogger_item_excerpt_text\">\n\t\t\t\t\t\t\t\t\t<\/div>\n\t\t\t\t<div class=\"sc_blogger_item_button sc_item_button\"><a href=\"https:\/\/www.movilidadmachala.gob.ec\/web\/comunicado-14\/\" class=\"sc_button sc_button_simple\">Leer m\u00e1s<\/a><\/div><\/div><!-- .sc_blogger_item_excerpt --><\/div><!-- .entry-content --><\/div><!-- .sc_blogger_item --><\/div><div class=\"trx_addons_column-1_3\"><div id=\"post-6474\"\tclass=\"sc_blogger_item post_format_standard post-6474 post type-post status-publish format-standard has-post-thumbnail hentry category-noticias\"><div class=\"post_featured with_thumb hover_icon sc_blogger_item_featured\"><img loading=\"lazy\" decoding=\"async\" width=\"370\" height=\"207\" src=\"https:\/\/www.movilidadmachala.gob.ec\/web\/wp-content\/uploads\/2026\/01\/Comunicado-notificacion-02-scaled.jpg\" class=\"attachment-trx_addons-thumb-avatar size-trx_addons-thumb-avatar wp-post-image\" alt=\"\" srcset=\"https:\/\/www.movilidadmachala.gob.ec\/web\/wp-content\/uploads\/2026\/01\/Comunicado-notificacion-02-scaled.jpg 2560w, https:\/\/www.movilidadmachala.gob.ec\/web\/wp-content\/uploads\/2026\/01\/Comunicado-notificacion-02-300x168.jpg 300w, https:\/\/www.movilidadmachala.gob.ec\/web\/wp-content\/uploads\/2026\/01\/Comunicado-notificacion-02-1024x574.jpg 1024w, https:\/\/www.movilidadmachala.gob.ec\/web\/wp-content\/uploads\/2026\/01\/Comunicado-notificacion-02-768x431.jpg 768w, https:\/\/www.movilidadmachala.gob.ec\/web\/wp-content\/uploads\/2026\/01\/Comunicado-notificacion-02-1536x861.jpg 1536w, https:\/\/www.movilidadmachala.gob.ec\/web\/wp-content\/uploads\/2026\/01\/Comunicado-notificacion-02-2048x1148.jpg 2048w, https:\/\/www.movilidadmachala.gob.ec\/web\/wp-content\/uploads\/2026\/01\/Comunicado-notificacion-02-370x207.jpg 370w\" sizes=\"auto, (max-width: 370px) 100vw, 370px\" \/><div class=\"mask\"><\/div><div class=\"icons\"><a href=\"https:\/\/www.movilidadmachala.gob.ec\/web\/comunicado-13\/\" aria-hidden=\"true\" class=\"icon-plus\"><\/a><\/div><\/div><div class=\"sc_blogger_item_content entry-content\"><div class=\"sc_blogger_item_header entry-header\"><h5 class=\"sc_blogger_item_title entry-title\"><a href=\"https:\/\/www.movilidadmachala.gob.ec\/web\/comunicado-13\/\" rel=\"bookmark\">Comunicado<\/a><\/h5><div class=\"post_meta\">\t\t\t\t\t<span class=\"post_meta_item post_date\"><a href=\"https:\/\/www.movilidadmachala.gob.ec\/web\/comunicado-13\/\">17 de junio de 2026<\/a><\/span>\n\t\t\t\t\t<\/div><!-- .post_meta --><\/div><!-- .entry-header --><div class=\"sc_blogger_item_excerpt\">\n\t\t\t\t<div class=\"sc_blogger_item_excerpt_text\">\n\t\t\t\t\t\t\t\t\t<\/div>\n\t\t\t\t<div class=\"sc_blogger_item_button sc_item_button\"><a href=\"https:\/\/www.movilidadmachala.gob.ec\/web\/comunicado-13\/\" class=\"sc_button sc_button_simple\">Leer m\u00e1s<\/a><\/div><\/div><!-- .sc_blogger_item_excerpt --><\/div><!-- .entry-content --><\/div><!-- .sc_blogger_item --><\/div><div class=\"trx_addons_column-1_3\"><div id=\"post-6472\"\tclass=\"sc_blogger_item post_format_standard post-6472 post type-post status-publish format-standard has-post-thumbnail hentry category-noticias\"><div class=\"post_featured with_thumb hover_icon sc_blogger_item_featured\"><img loading=\"lazy\" decoding=\"async\" width=\"370\" height=\"207\" src=\"https:\/\/www.movilidadmachala.gob.ec\/web\/wp-content\/uploads\/2026\/01\/Comunicado-notificacion-02-scaled.jpg\" class=\"attachment-trx_addons-thumb-avatar size-trx_addons-thumb-avatar wp-post-image\" alt=\"\" srcset=\"https:\/\/www.movilidadmachala.gob.ec\/web\/wp-content\/uploads\/2026\/01\/Comunicado-notificacion-02-scaled.jpg 2560w, https:\/\/www.movilidadmachala.gob.ec\/web\/wp-content\/uploads\/2026\/01\/Comunicado-notificacion-02-300x168.jpg 300w, https:\/\/www.movilidadmachala.gob.ec\/web\/wp-content\/uploads\/2026\/01\/Comunicado-notificacion-02-1024x574.jpg 1024w, https:\/\/www.movilidadmachala.gob.ec\/web\/wp-content\/uploads\/2026\/01\/Comunicado-notificacion-02-768x431.jpg 768w, https:\/\/www.movilidadmachala.gob.ec\/web\/wp-content\/uploads\/2026\/01\/Comunicado-notificacion-02-1536x861.jpg 1536w, https:\/\/www.movilidadmachala.gob.ec\/web\/wp-content\/uploads\/2026\/01\/Comunicado-notificacion-02-2048x1148.jpg 2048w, https:\/\/www.movilidadmachala.gob.ec\/web\/wp-content\/uploads\/2026\/01\/Comunicado-notificacion-02-370x207.jpg 370w\" sizes=\"auto, (max-width: 370px) 100vw, 370px\" \/><div class=\"mask\"><\/div><div class=\"icons\"><a href=\"https:\/\/www.movilidadmachala.gob.ec\/web\/comunicado-12\/\" aria-hidden=\"true\" class=\"icon-plus\"><\/a><\/div><\/div><div class=\"sc_blogger_item_content entry-content\"><div class=\"sc_blogger_item_header entry-header\"><h5 class=\"sc_blogger_item_title entry-title\"><a href=\"https:\/\/www.movilidadmachala.gob.ec\/web\/comunicado-12\/\" rel=\"bookmark\">Comunicado<\/a><\/h5><div class=\"post_meta\">\t\t\t\t\t<span class=\"post_meta_item post_date\"><a href=\"https:\/\/www.movilidadmachala.gob.ec\/web\/comunicado-12\/\">12 de junio de 2026<\/a><\/span>\n\t\t\t\t\t<\/div><!-- .post_meta --><\/div><!-- .entry-header --><div class=\"sc_blogger_item_excerpt\">\n\t\t\t\t<div class=\"sc_blogger_item_excerpt_text\">\n\t\t\t\t\t<p>&nbsp; &nbsp;<\/p>\n\t\t\t\t<\/div>\n\t\t\t\t<div class=\"sc_blogger_item_button sc_item_button\"><a href=\"https:\/\/www.movilidadmachala.gob.ec\/web\/comunicado-12\/\" class=\"sc_button sc_button_simple\">Leer m\u00e1s<\/a><\/div><\/div><!-- .sc_blogger_item_excerpt --><\/div><!-- .entry-content --><\/div><!-- .sc_blogger_item --><\/div><div class=\"trx_addons_column-1_3\"><div id=\"post-6463\"\tclass=\"sc_blogger_item post_format_standard post-6463 post type-post status-publish format-standard has-post-thumbnail hentry category-noticias\"><div class=\"post_featured with_thumb hover_icon sc_blogger_item_featured\"><img loading=\"lazy\" decoding=\"async\" width=\"370\" height=\"207\" src=\"https:\/\/www.movilidadmachala.gob.ec\/web\/wp-content\/uploads\/2026\/06\/PORTADAS-REDES-SOCIALES-junio-06-scaled.jpg\" class=\"attachment-trx_addons-thumb-avatar size-trx_addons-thumb-avatar wp-post-image\" alt=\"\" srcset=\"https:\/\/www.movilidadmachala.gob.ec\/web\/wp-content\/uploads\/2026\/06\/PORTADAS-REDES-SOCIALES-junio-06-scaled.jpg 2560w, https:\/\/www.movilidadmachala.gob.ec\/web\/wp-content\/uploads\/2026\/06\/PORTADAS-REDES-SOCIALES-junio-06-300x168.jpg 300w, https:\/\/www.movilidadmachala.gob.ec\/web\/wp-content\/uploads\/2026\/06\/PORTADAS-REDES-SOCIALES-junio-06-1024x574.jpg 1024w, https:\/\/www.movilidadmachala.gob.ec\/web\/wp-content\/uploads\/2026\/06\/PORTADAS-REDES-SOCIALES-junio-06-768x431.jpg 768w, https:\/\/www.movilidadmachala.gob.ec\/web\/wp-content\/uploads\/2026\/06\/PORTADAS-REDES-SOCIALES-junio-06-1536x861.jpg 1536w, https:\/\/www.movilidadmachala.gob.ec\/web\/wp-content\/uploads\/2026\/06\/PORTADAS-REDES-SOCIALES-junio-06-2048x1148.jpg 2048w, https:\/\/www.movilidadmachala.gob.ec\/web\/wp-content\/uploads\/2026\/06\/PORTADAS-REDES-SOCIALES-junio-06-370x207.jpg 370w\" sizes=\"auto, (max-width: 370px) 100vw, 370px\" \/><div class=\"mask\"><\/div><div class=\"icons\"><a href=\"https:\/\/www.movilidadmachala.gob.ec\/web\/junio\/\" aria-hidden=\"true\" class=\"icon-plus\"><\/a><\/div><\/div><div class=\"sc_blogger_item_content entry-content\"><div class=\"sc_blogger_item_header entry-header\"><h5 class=\"sc_blogger_item_title entry-title\"><a href=\"https:\/\/www.movilidadmachala.gob.ec\/web\/junio\/\" rel=\"bookmark\">JUNIO<\/a><\/h5><div class=\"post_meta\">\t\t\t\t\t<span class=\"post_meta_item post_date\"><a href=\"https:\/\/www.movilidadmachala.gob.ec\/web\/junio\/\">1 de junio de 2026<\/a><\/span>\n\t\t\t\t\t<\/div><!-- .post_meta --><\/div><!-- .entry-header --><div class=\"sc_blogger_item_excerpt\">\n\t\t\t\t<div class=\"sc_blogger_item_excerpt_text\">\n\t\t\t\t\t<p>\u00a1Atenci\u00f3n Machala, El Oro y todo el Ecuador! Iniciamos #JUNIO y en Movilidad Machala EP seguimos atendiendo seg\u00fan el calendario de matriculaci\u00f3n vigente, correspondiente al d\u00edgito #5. Recuerda, los veh\u00edculos con \u00faltimo d\u00edgito 1, 2 y 3 pueden realizar la&hellip;<\/p>\n\t\t\t\t<\/div>\n\t\t\t\t<div class=\"sc_blogger_item_button sc_item_button\"><a href=\"https:\/\/www.movilidadmachala.gob.ec\/web\/junio\/\" class=\"sc_button sc_button_simple\">Leer m\u00e1s<\/a><\/div><\/div><!-- .sc_blogger_item_excerpt --><\/div><!-- .entry-content --><\/div><!-- .sc_blogger_item --><\/div><div class=\"trx_addons_column-1_3\"><div id=\"post-6461\"\tclass=\"sc_blogger_item post_format_standard post-6461 post type-post status-publish format-standard has-post-thumbnail hentry category-noticias\"><div class=\"post_featured with_thumb hover_icon sc_blogger_item_featured\"><img loading=\"lazy\" decoding=\"async\" width=\"370\" height=\"209\" src=\"https:\/\/www.movilidadmachala.gob.ec\/web\/wp-content\/uploads\/2026\/06\/Calendario-de-matriculacion-2026-03-scaled.jpg\" class=\"attachment-trx_addons-thumb-avatar size-trx_addons-thumb-avatar wp-post-image\" alt=\"\" srcset=\"https:\/\/www.movilidadmachala.gob.ec\/web\/wp-content\/uploads\/2026\/06\/Calendario-de-matriculacion-2026-03-scaled.jpg 2560w, https:\/\/www.movilidadmachala.gob.ec\/web\/wp-content\/uploads\/2026\/06\/Calendario-de-matriculacion-2026-03-300x170.jpg 300w, https:\/\/www.movilidadmachala.gob.ec\/web\/wp-content\/uploads\/2026\/06\/Calendario-de-matriculacion-2026-03-1024x579.jpg 1024w, https:\/\/www.movilidadmachala.gob.ec\/web\/wp-content\/uploads\/2026\/06\/Calendario-de-matriculacion-2026-03-768x434.jpg 768w, https:\/\/www.movilidadmachala.gob.ec\/web\/wp-content\/uploads\/2026\/06\/Calendario-de-matriculacion-2026-03-1536x868.jpg 1536w, https:\/\/www.movilidadmachala.gob.ec\/web\/wp-content\/uploads\/2026\/06\/Calendario-de-matriculacion-2026-03-2048x1158.jpg 2048w, https:\/\/www.movilidadmachala.gob.ec\/web\/wp-content\/uploads\/2026\/06\/Calendario-de-matriculacion-2026-03-370x209.jpg 370w\" sizes=\"auto, (max-width: 370px) 100vw, 370px\" \/><div class=\"mask\"><\/div><div class=\"icons\"><a href=\"https:\/\/www.movilidadmachala.gob.ec\/web\/calendario-2026-2\/\" aria-hidden=\"true\" class=\"icon-plus\"><\/a><\/div><\/div><div class=\"sc_blogger_item_content entry-content\"><div class=\"sc_blogger_item_header entry-header\"><h5 class=\"sc_blogger_item_title entry-title\"><a href=\"https:\/\/www.movilidadmachala.gob.ec\/web\/calendario-2026-2\/\" rel=\"bookmark\">Calendario 2026<\/a><\/h5><div class=\"post_meta\">\t\t\t\t\t<span class=\"post_meta_item post_date\"><a href=\"https:\/\/www.movilidadmachala.gob.ec\/web\/calendario-2026-2\/\">1 de junio de 2026<\/a><\/span>\n\t\t\t\t\t<\/div><!-- .post_meta --><\/div><!-- .entry-header --><div class=\"sc_blogger_item_excerpt\">\n\t\t\t\t<div class=\"sc_blogger_item_excerpt_text\">\n\t\t\t\t\t<p>Durante el mes de junio, los veh\u00edculos con d\u00edgito #5 podr\u00e1n realizar su Revisi\u00f3n T\u00e9cnica Vehicular sin multa por recargo de calendarizaci\u00f3n hasta el 30 de junio de 2026.<\/p>\n\t\t\t\t<\/div>\n\t\t\t\t<div class=\"sc_blogger_item_button sc_item_button\"><a href=\"https:\/\/www.movilidadmachala.gob.ec\/web\/calendario-2026-2\/\" class=\"sc_button sc_button_simple\">Leer m\u00e1s<\/a><\/div><\/div><!-- .sc_blogger_item_excerpt --><\/div><!-- .entry-content --><\/div><!-- .sc_blogger_item --><\/div><div class=\"trx_addons_column-1_3\"><div id=\"post-6400\"\tclass=\"sc_blogger_item post_format_standard post-6400 post type-post status-publish format-standard has-post-thumbnail hentry category-noticias\"><div class=\"post_featured with_thumb hover_icon sc_blogger_item_featured\"><img loading=\"lazy\" decoding=\"async\" width=\"370\" height=\"207\" src=\"https:\/\/www.movilidadmachala.gob.ec\/web\/wp-content\/uploads\/2026\/05\/PORTADAS-REDES-SOCIALES-mayo-06-scaled.jpg\" class=\"attachment-trx_addons-thumb-avatar size-trx_addons-thumb-avatar wp-post-image\" alt=\"\" srcset=\"https:\/\/www.movilidadmachala.gob.ec\/web\/wp-content\/uploads\/2026\/05\/PORTADAS-REDES-SOCIALES-mayo-06-scaled.jpg 2560w, https:\/\/www.movilidadmachala.gob.ec\/web\/wp-content\/uploads\/2026\/05\/PORTADAS-REDES-SOCIALES-mayo-06-300x168.jpg 300w, https:\/\/www.movilidadmachala.gob.ec\/web\/wp-content\/uploads\/2026\/05\/PORTADAS-REDES-SOCIALES-mayo-06-1024x574.jpg 1024w, https:\/\/www.movilidadmachala.gob.ec\/web\/wp-content\/uploads\/2026\/05\/PORTADAS-REDES-SOCIALES-mayo-06-768x431.jpg 768w, https:\/\/www.movilidadmachala.gob.ec\/web\/wp-content\/uploads\/2026\/05\/PORTADAS-REDES-SOCIALES-mayo-06-1536x861.jpg 1536w, https:\/\/www.movilidadmachala.gob.ec\/web\/wp-content\/uploads\/2026\/05\/PORTADAS-REDES-SOCIALES-mayo-06-2048x1148.jpg 2048w, https:\/\/www.movilidadmachala.gob.ec\/web\/wp-content\/uploads\/2026\/05\/PORTADAS-REDES-SOCIALES-mayo-06-370x207.jpg 370w\" sizes=\"auto, (max-width: 370px) 100vw, 370px\" \/><div class=\"mask\"><\/div><div class=\"icons\"><a href=\"https:\/\/www.movilidadmachala.gob.ec\/web\/mayo\/\" aria-hidden=\"true\" class=\"icon-plus\"><\/a><\/div><\/div><div class=\"sc_blogger_item_content entry-content\"><div class=\"sc_blogger_item_header entry-header\"><h5 class=\"sc_blogger_item_title entry-title\"><a href=\"https:\/\/www.movilidadmachala.gob.ec\/web\/mayo\/\" rel=\"bookmark\">MAYO<\/a><\/h5><div class=\"post_meta\">\t\t\t\t\t<span class=\"post_meta_item post_date\"><a href=\"https:\/\/www.movilidadmachala.gob.ec\/web\/mayo\/\">4 de mayo de 2026<\/a><\/span>\n\t\t\t\t\t<\/div><!-- .post_meta --><\/div><!-- .entry-header --><div class=\"sc_blogger_item_excerpt\">\n\t\t\t\t<div class=\"sc_blogger_item_excerpt_text\">\n\t\t\t\t\t<p>\u00a1Atenci\u00f3n Machala, El Oro y todo el Ecuador! Iniciamos #MAYO y en Movilidad Machala EP seguimos atendiendo seg\u00fan el calendario de matriculaci\u00f3n vigente, correspondiente al d\u00edgito #4. Recuerda, los veh\u00edculos con \u00faltimo d\u00edgito 1, 2 y 3 pueden realizar la&hellip;<\/p>\n\t\t\t\t<\/div>\n\t\t\t\t<div class=\"sc_blogger_item_button sc_item_button\"><a href=\"https:\/\/www.movilidadmachala.gob.ec\/web\/mayo\/\" class=\"sc_button sc_button_simple\">Leer m\u00e1s<\/a><\/div><\/div><!-- .sc_blogger_item_excerpt --><\/div><!-- .entry-content --><\/div><!-- .sc_blogger_item --><\/div><div class=\"trx_addons_column-1_3\"><div id=\"post-6252\"\tclass=\"sc_blogger_item post_format_standard post-6252 post type-post status-publish format-standard has-post-thumbnail hentry category-noticias\"><div class=\"post_featured with_thumb hover_icon sc_blogger_item_featured\"><img loading=\"lazy\" decoding=\"async\" width=\"370\" height=\"207\" src=\"https:\/\/www.movilidadmachala.gob.ec\/web\/wp-content\/uploads\/2026\/01\/Comunicado-notificacion-02-scaled.jpg\" class=\"attachment-trx_addons-thumb-avatar size-trx_addons-thumb-avatar wp-post-image\" alt=\"\" srcset=\"https:\/\/www.movilidadmachala.gob.ec\/web\/wp-content\/uploads\/2026\/01\/Comunicado-notificacion-02-scaled.jpg 2560w, https:\/\/www.movilidadmachala.gob.ec\/web\/wp-content\/uploads\/2026\/01\/Comunicado-notificacion-02-300x168.jpg 300w, https:\/\/www.movilidadmachala.gob.ec\/web\/wp-content\/uploads\/2026\/01\/Comunicado-notificacion-02-1024x574.jpg 1024w, https:\/\/www.movilidadmachala.gob.ec\/web\/wp-content\/uploads\/2026\/01\/Comunicado-notificacion-02-768x431.jpg 768w, https:\/\/www.movilidadmachala.gob.ec\/web\/wp-content\/uploads\/2026\/01\/Comunicado-notificacion-02-1536x861.jpg 1536w, https:\/\/www.movilidadmachala.gob.ec\/web\/wp-content\/uploads\/2026\/01\/Comunicado-notificacion-02-2048x1148.jpg 2048w, https:\/\/www.movilidadmachala.gob.ec\/web\/wp-content\/uploads\/2026\/01\/Comunicado-notificacion-02-370x207.jpg 370w\" sizes=\"auto, (max-width: 370px) 100vw, 370px\" \/><div class=\"mask\"><\/div><div class=\"icons\"><a href=\"https:\/\/www.movilidadmachala.gob.ec\/web\/recordamos\/\" aria-hidden=\"true\" class=\"icon-plus\"><\/a><\/div><\/div><div class=\"sc_blogger_item_content entry-content\"><div class=\"sc_blogger_item_header entry-header\"><h5 class=\"sc_blogger_item_title entry-title\"><a href=\"https:\/\/www.movilidadmachala.gob.ec\/web\/recordamos\/\" rel=\"bookmark\">RECORDAMOS<\/a><\/h5><div class=\"post_meta\">\t\t\t\t\t<span class=\"post_meta_item post_date\"><a href=\"https:\/\/www.movilidadmachala.gob.ec\/web\/recordamos\/\">2 de abril de 2026<\/a><\/span>\n\t\t\t\t\t<\/div><!-- .post_meta --><\/div><!-- .entry-header --><div class=\"sc_blogger_item_excerpt\">\n\t\t\t\t<div class=\"sc_blogger_item_excerpt_text\">\n\t\t\t\t\t<p>\u00a1RECUERDA! Todos los veh\u00edculos cuyo \u00faltimo d\u00edgito de placa sea \ud835\udfcf, \ud835\udfd0 \ud835\udc32 \ud835\udfd1 no tendr\u00e1n recargo por calendarizaci\u00f3n hasta el \ud835\udfd1\ud835\udfce \ud835\udc1d\ud835\udc1e \ud835\udc23\ud835\udc2e\ud835\udc27\ud835\udc22\ud835\udc28 \ud835\udc1d\ud835\udc1e \ud835\udfd0\ud835\udfce\ud835\udfd0\ud835\udfd4. Reafirmamos nuestro compromiso de brindar un servicio eficiente, oportuno y de calidad, facilitando a&hellip;<\/p>\n\t\t\t\t<\/div>\n\t\t\t\t<div class=\"sc_blogger_item_button sc_item_button\"><a href=\"https:\/\/www.movilidadmachala.gob.ec\/web\/recordamos\/\" class=\"sc_button sc_button_simple\">Leer m\u00e1s<\/a><\/div><\/div><!-- .sc_blogger_item_excerpt --><\/div><!-- .entry-content --><\/div><!-- .sc_blogger_item --><\/div><\/div><\/div><!-- \/.sc_blogger -->[\/vc_column][vc_column][vc_empty_space height=\u00bb52px\u00bb hide_on_mobile=\u00bb\u00bb][\/vc_column][\/vc_row]<\/p>\n","protected":false},"excerpt":{"rendered":"<p>[vc_row][vc_column][vc_empty_space height=\u00bb30px\u00bb hide_on_mobile=\u00bb\u00bb][\/vc_column][\/vc_row][vc_row][vc_column width=\u00bb1\/5&#8243;][vc_single_image image=\u00bb5577&#8243; img_size=\u00bbfull\u00bb alignment=\u00bbcenter\u00bb onclick=\u00bbcustom_link\u00bb css_animation=\u00bbnone\u00bb link=\u00bbhttps:\/\/servicios.axiscloud.ec\/SVT\/paginas\/portal\/svf_solicitar_servicio.jsp?ps_param_tip_serv=MAT&amp;ps_id_empresa=17&#8243;][\/vc_column][vc_column width=\u00bb1\/5&#8243;][vc_single_image image=\u00bb5589&#8243; img_size=\u00bblarge\u00bb alignment=\u00bbcenter\u00bb onclick=\u00bbcustom_link\u00bb link=\u00bbhttps:\/\/servicios.axiscloud.ec\/AutoServicio\/inicio.jsp?ps_empresa=17&amp;ps_accion=P51&#8243;][\/vc_column][vc_column width=\u00bb1\/5&#8243;][vc_single_image image=\u00bb5588&#8243; img_size=\u00bblarge\u00bb alignment=\u00bbcenter\u00bb onclick=\u00bbcustom_link\u00bb img_link_target=\u00bb_blank\u00bb link=\u00bbhttps:\/\/servicios.axiscloud.ec\/AutoServicio\/inicio.jsp?ps_empresa=17&amp;ps_accion=P55&#8243;][\/vc_column][vc_column width=\u00bb1\/5&#8243;][vc_single_image image=\u00bb5587&#8243; img_size=\u00bblarge\u00bb alignment=\u00bbcenter\u00bb onclick=\u00bbcustom_link\u00bb link=\u00bbhttps:\/\/servicios.axiscloud.ec\/CRV\/?ps_empresa=17&#8243;][\/vc_column][vc_column width=\u00bb1\/5&#8243;][vc_single_image image=\u00bb5586&#8243; img_size=\u00bbmedium\u00bb alignment=\u00bbcenter\u00bb onclick=\u00bbcustom_link\u00bb img_link_target=\u00bb_blank\u00bb link=\u00bbhttps:\/\/servicios.axiscloud.ec\/AutoServicio\/inicio.jsp?ps_empresa=17&amp;ps_accion=P57&#8243;][\/vc_column][vc_column][\/vc_column][vc_column][vc_empty_space height=\u00bb52px\u00bb hide_on_mobile=\u00bb\u00bb][\/vc_column][\/vc_row]<\/p>\n","protected":false},"author":1,"featured_media":0,"parent":0,"menu_order":0,"comment_status":"closed","ping_status":"closed","template":"","meta":{"footnotes":""},"class_list":["post-917","page","type-page","status-publish","hentry"],"_links":{"self":[{"href":"https:\/\/www.movilidadmachala.gob.ec\/web\/wp-json\/wp\/v2\/pages\/917","targetHints":{"allow":["GET"]}}],"collection":[{"href":"https:\/\/www.movilidadmachala.gob.ec\/web\/wp-json\/wp\/v2\/pages"}],"about":[{"href":"https:\/\/www.movilidadmachala.gob.ec\/web\/wp-json\/wp\/v2\/types\/page"}],"author":[{"embeddable":true,"href":"https:\/\/www.movilidadmachala.gob.ec\/web\/wp-json\/wp\/v2\/users\/1"}],"replies":[{"embeddable":true,"href":"https:\/\/www.movilidadmachala.gob.ec\/web\/wp-json\/wp\/v2\/comments?post=917"}],"version-history":[{"count":48,"href":"https:\/\/www.movilidadmachala.gob.ec\/web\/wp-json\/wp\/v2\/pages\/917\/revisions"}],"predecessor-version":[{"id":6355,"href":"https:\/\/www.movilidadmachala.gob.ec\/web\/wp-json\/wp\/v2\/pages\/917\/revisions\/6355"}],"wp:attachment":[{"href":"https:\/\/www.movilidadmachala.gob.ec\/web\/wp-json\/wp\/v2\/media?parent=917"}],"curies":[{"name":"wp","href":"https:\/\/api.w.org\/{rel}","templated":true}]}}